{"id":190,"date":"2022-12-27T10:13:37","date_gmt":"2022-12-27T10:13:37","guid":{"rendered":"http:\/\/werkstatt.fuelthemes.net\/?page_id=190"},"modified":"2023-01-15T12:16:31","modified_gmt":"2023-01-15T12:16:31","slug":"verband","status":"publish","type":"page","link":"https:\/\/freiluftsauna.ch\/?page_id=190","title":{"rendered":"Verband"},"content":{"rendered":"<div class=\"wpb-content-wrapper\">[vc_row thb_divider_position=&#187;bottom&#187; el_class=&#187;align-center&#187; css=&#187;.vc_custom_1474306346779{padding-top: 120px !important;padding-bottom: 30px !important;}&#187;][vc_column offset=&#187;vc_col-lg-7 vc_col-md-9&#8243;]\t<div id=\"thb-fadetype-39\" class=\"thb-fadetype  thb-fadetype-style1\">\n\t\t\t\t\t\t<h1 style=\"text-align: center;\"><div class=\"thb-fadetype-entry\">Wir verbinden Natur und Sauna in der Schweiz<\/div><\/h1>\t\t<\/div>\n\t[\/vc_column][\/vc_row][vc_row thb_divider_position=&#187;bottom&#187;][vc_column][vc_single_image image=&#187;598&#8243; img_size=&#187;full&#187; alignment=&#187;center&#187; css_animation=&#187;appear&#187;][\/vc_column][\/vc_row][vc_row thb_divider_position=&#187;bottom&#187; el_class=&#187;align-center&#187; css=&#187;.vc_custom_1474624365002{padding-top: 4% !important;padding-bottom: 4% !important;}&#187;][vc_column offset=&#187;vc_col-lg-7 vc_col-md-9&#8243;][vc_column_text]\n<h4>Das sind wir.<\/h4>\n<p>Wir sind angetrieben und inspiriert von unserer grossen Leidenschaft \u2013 dem naturnahen Saunieren. Gemeinsames Erleben, Achtsamkeit, respektvoller Umgang mit unserer Umgebung und unseren Mitmenschen, aber auch Spass miteinander haben steht f\u00fcr uns im Vordergrund.<\/p>\n<p>Wir sind alle selbst passionierte Saunag\u00e4ngerinnen und Saunag\u00e4nger und mussten das Angebot des naturnahen Saunierens in unserer unmittelbaren Umgebung zuerst schaffen, um unsere Leidenschaft ausleben und mit anderen teilen zu k\u00f6nnen.<\/p>\n<p>Es war uns ein Anliegen, in der Schweiz, die so ber\u00fchmt f\u00fcr ihre atemberaubende Natur ist, Inseln zu schaffen, in denen dies beim Saunieren ganz unmittelbar erlebt werden kann.<\/p>\n<p>Alles ist \u201cselfmade\u201d und viele Freiluftsaunas basieren auf der Initiative und dem unerm\u00fcdlichen Engagement von einer kleinen Gruppe begeisterter Menschen, die ihre Freiluftsauna oft partizipativ betreiben.<\/p>\n<p>Wir sind schon ein bisschen ein verr\u00fcckter Haufen![\/vc_column_text][\/vc_column][\/vc_row][vc_row thb_divider_position=&#187;bottom&#187; el_class=&#187;align-center&#187; css=&#187;.vc_custom_1474624365002{padding-top: 4% !important;padding-bottom: 4% !important;}&#187;][vc_column offset=&#187;vc_col-lg-7 vc_col-md-9&#8243;][vc_column_text]\n<h4>Wie es dazu kam.<\/h4>\n<p>Die Idee des Verbandes ist 2020 entstanden, als sich die Zahl der naturnahen Saunabetriebe langsam, aber stetig erh\u00f6hte. Durch den bestehenden losen Kontakt wurde sehr bald ein Treffen initiiert und wir haben alle schnell gemerkt, dass uns sehr viel verbindet und wir verschiedenste Themen viel besser gemeinsam anpacken k\u00f6nnen.<\/p>\n<p>Auch das ist wohl eine Eigenart unseres Verbandes &#8211; wir sehen uns nicht als Konkurenz, sondern als F\u00fcrsprecherinnen und F\u00fcrsprecher eines gemeinsamen Ziels \u2013 den Menschen in der Schweiz das naturnahe Saunieren n\u00e4her zu bringen.<\/p>\n<p>Wir sind ein junger Verband und entwickeln uns stetig weiter. Wir sind offen f\u00fcr neue Mitglieder, die unsere Begeisterung und Leidenschaft f\u00fcr naturnahes Saunieren teilen.[\/vc_column_text][\/vc_column][\/vc_row][vc_row thb_divider_position=&#187;bottom&#187; el_class=&#187;align-center&#187; css=&#187;.vc_custom_1672141334492{padding-top: 4% !important;padding-bottom: 4% !important;}&#187;][vc_column offset=&#187;vc_col-lg-7 vc_col-md-9&#8243;][vc_column_text]\n<h4>So arbeiten wir.<\/h4>\n<p>Das meiste findet in unserer Freizeit statt. Wir haben uns f\u00fcr eine nicht hierarchische, flache Organisation entschieden, bei der sich alle laufend einbringen k\u00f6nnen und sollen. Somit ist eine wichtige Voraussetzung f\u00fcr die Verbandsmitgliedschaft die Bereitschaft, aktiv an den diversen Treffen mitzumachen.<\/p>\n<p>Unser Verband lebt vom Austausch und von den Erfahrungen von allen Beteiligten. Dieser kooperative Gedanke leben wir aktiv \u2013 mit gemeinsamen Kanban-Boards f\u00fcr verschiedene Projektgruppen, lebhaftem Austausch von Know-How in unserem Verbands-Forum und regelm\u00e4ssige online-Meetings, damit alle teilnehmen k\u00f6nnen.<\/p>\n<p>Auch unsere Social Events sind wichtige Pfeiler, um uns als Verband weiterentwickeln zu k\u00f6nnen.[\/vc_column_text][\/vc_column][\/vc_row][vc_row thb_divider_position=&#187;bottom&#187; el_class=&#187;align-center&#187; css=&#187;.vc_custom_1672141334492{padding-top: 4% !important;padding-bottom: 4% !important;}&#187;][vc_column offset=&#187;vc_col-lg-7 vc_col-md-9&#8243;][vc_column_text]\n<h4>Warum ein Verband?<\/h4>\n<p>Der Verband unterst\u00fctzt die angeschlossenen Betriebe in allen Angelegenheiten und soll den Anliegen der Sauna-Betrieben nach aussen mehr Geh\u00f6r verleihen. Der Verband ist aber auch Ansprechpartner und bietet Starthilfe f\u00fcr neue Projekte, denn wir sind \u00fcberzeugt: In der Schweiz gibt es noch sehr viel mehr Potential f\u00fcr naturnahes Saunieren.[\/vc_column_text][\/vc_column][\/vc_row][vc_row thb_divider_position=&#187;bottom&#187; el_class=&#187;align-center&#187; css=&#187;.vc_custom_1672141334492{padding-top: 4% !important;padding-bottom: 4% !important;}&#187;][vc_column offset=&#187;vc_col-lg-7 vc_col-md-9&#8243;][vc_column_text]\n<h4>Verbandsstatuten<\/h4>\n<p>Unseren Statuten entnimmst du alle offiziellen Bestimmungen des Verbandes.[\/vc_column_text]\t<a class=\"btn thb-pill-style  accent   regular\" href=\"https:\/\/freiluftsauna.ch\/wp-content\/uploads\/2023\/01\/Statuen-Freiluftsauna-Verband-Schweiz.pdf\" target=\"_blank\" role=\"button\" title=\"Statuen-Freiluftsauna-Verband-Schweiz.pdf\"><span>Statuen-Freiluftsauna-Verband-Schweiz.pdf<\/span><\/a>\n\n\t[\/vc_column][\/vc_row][vc_row thb_divider_position=&#187;bottom&#187; el_class=&#187;align-center&#187; css=&#187;.vc_custom_1672141334492{padding-top: 4% !important;padding-bottom: 4% !important;}&#187;][vc_column offset=&#187;vc_col-lg-7 vc_col-md-9&#8243;][vc_column_text]\n<h4>Unser gemeinsames Ziel:<\/h4>\n<h4><em>Das naturnahe Saunieren soll ein fest integrierter Bestandteil des Alltags in der Schweiz werden.<\/em><\/h4>\n[\/vc_column_text]\t<a class=\"btn thb-pill-style  accent   regular\" href=\"https:\/\/freiluftsauna.ch\/?page_id=689\" target=\"_self\" role=\"button\" title=\"Schau Dir unsere Freiluftsaunas an\"><span>Schau Dir unsere Freiluftsaunas an<\/span><\/a>\n\n\t[\/vc_column][\/vc_row]\n<\/div>","protected":false},"excerpt":{"rendered":"<p>[vc_row thb_divider_position=&#187;bottom&#187; el_class=&#187;align-center&#187; css=&#187;.vc_custom_1474306346779{padding-top: 120px !important;padding-bottom: 30px !important;}&#187;][vc_column offset=&#187;vc_col-lg-7 vc_col-md-9&#8243;][\/vc_column][\/vc_row][vc_row thb_divider_position=&#187;bottom&#187;][vc_column][vc_single_image image=&#187;598&#8243; img_size=&#187;full&#187; alignment=&#187;center&#187; css_animation=&#187;appear&#187;][\/vc_column][\/vc_row][vc_row thb_divider_position=&#187;bottom&#187; el_class=&#187;align-center&#187; css=&#187;.vc_custom_1474624365002{padding-top: 4% !important;padding-bottom: 4% !important;}&#187;][vc_column offset=&#187;vc_col-lg-7 vc_col-md-9&#8243;][vc_column_text] Das sind wir. Wir sind angetrieben und inspiriert von unserer grossen Leidenschaft \u2013 dem naturnahen Saunieren. Gemeinsames Erleben, Achtsamkeit, respektvoller Umgang mit unserer Umgebung und unseren Mitmenschen, aber auch Spass miteinander&hellip;<\/p>\n","protected":false},"author":1,"featured_media":0,"parent":0,"menu_order":0,"comment_status":"closed","ping_status":"closed","template":"","meta":{"iawp_total_views":609,"footnotes":""},"class_list":["post-190","page","type-page","status-publish","hentry"],"yoast_head":"<!-- This site is optimized with the Yoast SEO plugin v27.4 - https:\/\/yoast.com\/product\/yoast-seo-wordpress\/ -->\n<title>Verband | Freiluftsauna Verband Schweiz<\/title>\n<meta name=\"robots\" content=\"index, follow, max-snippet:-1, max-image-preview:large, max-video-preview:-1\" \/>\n<link rel=\"canonical\" href=\"https:\/\/freiluftsauna.ch\/?page_id=190\" \/>\n<meta property=\"og:locale\" content=\"de_DE\" \/>\n<meta property=\"og:type\" content=\"article\" \/>\n<meta property=\"og:title\" content=\"Verband | Freiluftsauna Verband Schweiz\" \/>\n<meta property=\"og:description\" content=\"[vc_row thb_divider_position=&#187;bottom&#187; el_class=&#187;align-center&#187; css=&#187;.vc_custom_1474306346779{padding-top: 120px !important;padding-bottom: 30px !important;}&#187;][vc_column offset=&#187;vc_col-lg-7 vc_col-md-9&#8243;][\/vc_column][\/vc_row][vc_row thb_divider_position=&#187;bottom&#187;][vc_column][vc_single_image image=&#187;598&#8243; img_size=&#187;full&#187; alignment=&#187;center&#187; css_animation=&#187;appear&#187;][\/vc_column][\/vc_row][vc_row thb_divider_position=&#187;bottom&#187; el_class=&#187;align-center&#187; css=&#187;.vc_custom_1474624365002{padding-top: 4% !important;padding-bottom: 4% !important;}&#187;][vc_column offset=&#187;vc_col-lg-7 vc_col-md-9&#8243;][vc_column_text] Das sind wir. Wir sind angetrieben und inspiriert von unserer grossen Leidenschaft \u2013 dem naturnahen Saunieren. Gemeinsames Erleben, Achtsamkeit, respektvoller Umgang mit unserer Umgebung und unseren Mitmenschen, aber auch Spass miteinander&hellip;\" \/>\n<meta property=\"og:url\" content=\"https:\/\/freiluftsauna.ch\/?page_id=190\" \/>\n<meta property=\"og:site_name\" content=\"Freiluftsauna Verband Schweiz\" \/>\n<meta property=\"article:modified_time\" content=\"2023-01-15T12:16:31+00:00\" \/>\n<meta name=\"twitter:card\" content=\"summary_large_image\" \/>\n<meta name=\"twitter:label1\" content=\"Gesch\u00e4tzte Lesezeit\" \/>\n\t<meta name=\"twitter:data1\" content=\"3\u00a0Minuten\" \/>\n<script type=\"application\/ld+json\" class=\"yoast-schema-graph\">{\"@context\":\"https:\\\/\\\/schema.org\",\"@graph\":[{\"@type\":\"WebPage\",\"@id\":\"https:\\\/\\\/freiluftsauna.ch\\\/?page_id=190\",\"url\":\"https:\\\/\\\/freiluftsauna.ch\\\/?page_id=190\",\"name\":\"Verband | Freiluftsauna Verband Schweiz\",\"isPartOf\":{\"@id\":\"https:\\\/\\\/freiluftsauna.ch\\\/#website\"},\"datePublished\":\"2022-12-27T10:13:37+00:00\",\"dateModified\":\"2023-01-15T12:16:31+00:00\",\"breadcrumb\":{\"@id\":\"https:\\\/\\\/freiluftsauna.ch\\\/?page_id=190#breadcrumb\"},\"inLanguage\":\"de-CH\",\"potentialAction\":[{\"@type\":\"ReadAction\",\"target\":[\"https:\\\/\\\/freiluftsauna.ch\\\/?page_id=190\"]}]},{\"@type\":\"BreadcrumbList\",\"@id\":\"https:\\\/\\\/freiluftsauna.ch\\\/?page_id=190#breadcrumb\",\"itemListElement\":[{\"@type\":\"ListItem\",\"position\":1,\"name\":\"Home\",\"item\":\"https:\\\/\\\/freiluftsauna.ch\\\/\"},{\"@type\":\"ListItem\",\"position\":2,\"name\":\"Verband\"}]},{\"@type\":\"WebSite\",\"@id\":\"https:\\\/\\\/freiluftsauna.ch\\\/#website\",\"url\":\"https:\\\/\\\/freiluftsauna.ch\\\/\",\"name\":\"Freiluftsauna Verband Schweiz\",\"description\":\"\",\"publisher\":{\"@id\":\"https:\\\/\\\/freiluftsauna.ch\\\/#organization\"},\"potentialAction\":[{\"@type\":\"SearchAction\",\"target\":{\"@type\":\"EntryPoint\",\"urlTemplate\":\"https:\\\/\\\/freiluftsauna.ch\\\/?s={search_term_string}\"},\"query-input\":{\"@type\":\"PropertyValueSpecification\",\"valueRequired\":true,\"valueName\":\"search_term_string\"}}],\"inLanguage\":\"de-CH\"},{\"@type\":\"Organization\",\"@id\":\"https:\\\/\\\/freiluftsauna.ch\\\/#organization\",\"name\":\"Freiluftsauna Verband Schweiz\",\"url\":\"https:\\\/\\\/freiluftsauna.ch\\\/\",\"logo\":{\"@type\":\"ImageObject\",\"inLanguage\":\"de-CH\",\"@id\":\"https:\\\/\\\/freiluftsauna.ch\\\/#\\\/schema\\\/logo\\\/image\\\/\",\"url\":\"https:\\\/\\\/freiluftsauna.ch\\\/wp-content\\\/uploads\\\/2022\\\/12\\\/Logo-Freiluftsaunaverband-Schweiz-2.png\",\"contentUrl\":\"https:\\\/\\\/freiluftsauna.ch\\\/wp-content\\\/uploads\\\/2022\\\/12\\\/Logo-Freiluftsaunaverband-Schweiz-2.png\",\"width\":752,\"height\":344,\"caption\":\"Freiluftsauna Verband Schweiz\"},\"image\":{\"@id\":\"https:\\\/\\\/freiluftsauna.ch\\\/#\\\/schema\\\/logo\\\/image\\\/\"}}]}<\/script>\n<!-- \/ Yoast SEO plugin. -->","yoast_head_json":{"title":"Verband | Freiluftsauna Verband Schweiz","robots":{"index":"index","follow":"follow","max-snippet":"max-snippet:-1","max-image-preview":"max-image-preview:large","max-video-preview":"max-video-preview:-1"},"canonical":"https:\/\/freiluftsauna.ch\/?page_id=190","og_locale":"de_DE","og_type":"article","og_title":"Verband | Freiluftsauna Verband Schweiz","og_description":"[vc_row thb_divider_position=&#187;bottom&#187; el_class=&#187;align-center&#187; css=&#187;.vc_custom_1474306346779{padding-top: 120px !important;padding-bottom: 30px !important;}&#187;][vc_column offset=&#187;vc_col-lg-7 vc_col-md-9&#8243;][\/vc_column][\/vc_row][vc_row thb_divider_position=&#187;bottom&#187;][vc_column][vc_single_image image=&#187;598&#8243; img_size=&#187;full&#187; alignment=&#187;center&#187; css_animation=&#187;appear&#187;][\/vc_column][\/vc_row][vc_row thb_divider_position=&#187;bottom&#187; el_class=&#187;align-center&#187; css=&#187;.vc_custom_1474624365002{padding-top: 4% !important;padding-bottom: 4% !important;}&#187;][vc_column offset=&#187;vc_col-lg-7 vc_col-md-9&#8243;][vc_column_text] Das sind wir. Wir sind angetrieben und inspiriert von unserer grossen Leidenschaft \u2013 dem naturnahen Saunieren. Gemeinsames Erleben, Achtsamkeit, respektvoller Umgang mit unserer Umgebung und unseren Mitmenschen, aber auch Spass miteinander&hellip;","og_url":"https:\/\/freiluftsauna.ch\/?page_id=190","og_site_name":"Freiluftsauna Verband Schweiz","article_modified_time":"2023-01-15T12:16:31+00:00","twitter_card":"summary_large_image","twitter_misc":{"Gesch\u00e4tzte Lesezeit":"3\u00a0Minuten"},"schema":{"@context":"https:\/\/schema.org","@graph":[{"@type":"WebPage","@id":"https:\/\/freiluftsauna.ch\/?page_id=190","url":"https:\/\/freiluftsauna.ch\/?page_id=190","name":"Verband | Freiluftsauna Verband Schweiz","isPartOf":{"@id":"https:\/\/freiluftsauna.ch\/#website"},"datePublished":"2022-12-27T10:13:37+00:00","dateModified":"2023-01-15T12:16:31+00:00","breadcrumb":{"@id":"https:\/\/freiluftsauna.ch\/?page_id=190#breadcrumb"},"inLanguage":"de-CH","potentialAction":[{"@type":"ReadAction","target":["https:\/\/freiluftsauna.ch\/?page_id=190"]}]},{"@type":"BreadcrumbList","@id":"https:\/\/freiluftsauna.ch\/?page_id=190#breadcrumb","itemListElement":[{"@type":"ListItem","position":1,"name":"Home","item":"https:\/\/freiluftsauna.ch\/"},{"@type":"ListItem","position":2,"name":"Verband"}]},{"@type":"WebSite","@id":"https:\/\/freiluftsauna.ch\/#website","url":"https:\/\/freiluftsauna.ch\/","name":"Freiluftsauna Verband Schweiz","description":"","publisher":{"@id":"https:\/\/freiluftsauna.ch\/#organization"},"potentialAction":[{"@type":"SearchAction","target":{"@type":"EntryPoint","urlTemplate":"https:\/\/freiluftsauna.ch\/?s={search_term_string}"},"query-input":{"@type":"PropertyValueSpecification","valueRequired":true,"valueName":"search_term_string"}}],"inLanguage":"de-CH"},{"@type":"Organization","@id":"https:\/\/freiluftsauna.ch\/#organization","name":"Freiluftsauna Verband Schweiz","url":"https:\/\/freiluftsauna.ch\/","logo":{"@type":"ImageObject","inLanguage":"de-CH","@id":"https:\/\/freiluftsauna.ch\/#\/schema\/logo\/image\/","url":"https:\/\/freiluftsauna.ch\/wp-content\/uploads\/2022\/12\/Logo-Freiluftsaunaverband-Schweiz-2.png","contentUrl":"https:\/\/freiluftsauna.ch\/wp-content\/uploads\/2022\/12\/Logo-Freiluftsaunaverband-Schweiz-2.png","width":752,"height":344,"caption":"Freiluftsauna Verband Schweiz"},"image":{"@id":"https:\/\/freiluftsauna.ch\/#\/schema\/logo\/image\/"}}]}},"_links":{"self":[{"href":"https:\/\/freiluftsauna.ch\/index.php?rest_route=\/wp\/v2\/pages\/190","targetHints":{"allow":["GET"]}}],"collection":[{"href":"https:\/\/freiluftsauna.ch\/index.php?rest_route=\/wp\/v2\/pages"}],"about":[{"href":"https:\/\/freiluftsauna.ch\/index.php?rest_route=\/wp\/v2\/types\/page"}],"author":[{"embeddable":true,"href":"https:\/\/freiluftsauna.ch\/index.php?rest_route=\/wp\/v2\/users\/1"}],"replies":[{"embeddable":true,"href":"https:\/\/freiluftsauna.ch\/index.php?rest_route=%2Fwp%2Fv2%2Fcomments&post=190"}],"version-history":[{"count":0,"href":"https:\/\/freiluftsauna.ch\/index.php?rest_route=\/wp\/v2\/pages\/190\/revisions"}],"wp:attachment":[{"href":"https:\/\/freiluftsauna.ch\/index.php?rest_route=%2Fwp%2Fv2%2Fmedia&parent=190"}],"curies":[{"name":"wp","href":"https:\/\/api.w.org\/{rel}","templated":true}]}}